{"id":67471,"date":"2023-03-31T08:35:42","date_gmt":"2023-03-31T08:35:42","guid":{"rendered":"\/economic-calendar\/"},"modified":"2024-11-21T09:05:36","modified_gmt":"2024-11-21T09:05:36","slug":"economic-calendar","status":"publish","type":"page","link":"\/pt\/economic-calendar\/","title":{"rendered":"Calend\u00e1rio econ\u00f3mico"},"content":{"rendered":"\n<p>O calend\u00e1rio de eventos econ\u00f3micos da WrPro mant\u00e9m os traders informados sobre eventos financeiros importantes que podem afetar a economia global e desencadear movimentos de mercado.<\/p>\n\n\n\n<p><br>O calend\u00e1rio econ\u00f3mico \u00e9 uma ferramenta valiosa para os traders de todos os n\u00edveis que se focam em eventos globais.<\/p>\n\n\n\n<ngp-economic-calendar><\/ngp-economic-calendar>\n\n\n\n<p><\/p>\n","protected":false},"excerpt":{"rendered":"<p>O calend\u00e1rio de eventos econ\u00f3micos da WrPro mant\u00e9m os traders informados sobre eventos financeiros importantes que podem afetar a economia global e desencadear movimentos de mercado. O calend\u00e1rio econ\u00f3mico \u00e9 uma ferramenta valiosa para os traders de todos os n\u00edveis que se focam em eventos globais.<\/p>\n","protected":false},"author":41,"featured_media":0,"parent":0,"menu_order":0,"comment_status":"closed","ping_status":"closed","template":"page-templates\/page-economic-calendar.php","meta":[],"yoast_head":"<!-- This site is optimized with the Yoast SEO plugin v15.9.1 - https:\/\/yoast.com\/wordpress\/plugins\/seo\/ -->\n<title>Calend\u00e1rio econ\u00f3mico - WRPRO<\/title>\n<link rel=\"canonical\" href=\"https:\/\/www.wrpro.com\/pt\/economic-calendar\/\" \/>\n<meta property=\"og:locale\" content=\"pt_PT\" \/>\n<meta property=\"og:type\" content=\"article\" \/>\n<meta property=\"og:title\" content=\"Calend\u00e1rio econ\u00f3mico - WRPRO\" \/>\n<meta property=\"og:description\" content=\"O calend\u00e1rio de eventos econ\u00f3micos da WrPro mant\u00e9m os traders informados sobre eventos financeiros importantes que podem afetar a economia global e desencadear movimentos de mercado. O calend\u00e1rio econ\u00f3mico \u00e9 uma ferramenta valiosa para os traders de todos os n\u00edveis que se focam em eventos globais.\" \/>\n<meta property=\"og:url\" content=\"\/pt\/economic-calendar\/\" \/>\n<meta property=\"og:site_name\" content=\"WRPRO\" \/>\n<meta property=\"article:modified_time\" content=\"2024-11-21T09:05:36+00:00\" \/>\n<meta name=\"twitter:card\" content=\"summary_large_image\" \/>\n<script type=\"application\/ld+json\" class=\"yoast-schema-graph\">{\"@context\":\"https:\/\/schema.org\",\"@graph\":[{\"@type\":\"WebSite\",\"@id\":\"https:\/\/www.wrpro.com\/#website\",\"url\":\"https:\/\/www.wrpro.com\/\",\"name\":\"WRPRO\",\"description\":\"\",\"potentialAction\":[{\"@type\":\"SearchAction\",\"target\":\"https:\/\/www.wrpro.com\/?s={search_term_string}\",\"query-input\":\"required name=search_term_string\"}],\"inLanguage\":\"pt\"},{\"@type\":\"WebPage\",\"@id\":\"https:\/\/www.wrpro.com\/pt\/economic-calendar\/#webpage\",\"url\":\"https:\/\/www.wrpro.com\/pt\/economic-calendar\/\",\"name\":\"Calend\\u00e1rio econ\\u00f3mico - WRPRO\",\"isPartOf\":{\"@id\":\"https:\/\/www.wrpro.com\/#website\"},\"datePublished\":\"2023-03-31T08:35:42+00:00\",\"dateModified\":\"2024-11-21T09:05:36+00:00\",\"breadcrumb\":{\"@id\":\"https:\/\/www.wrpro.com\/pt\/economic-calendar\/#breadcrumb\"},\"inLanguage\":\"pt\",\"potentialAction\":[{\"@type\":\"ReadAction\",\"target\":[\"https:\/\/www.wrpro.com\/pt\/economic-calendar\/\"]}]},{\"@type\":\"BreadcrumbList\",\"@id\":\"https:\/\/www.wrpro.com\/pt\/economic-calendar\/#breadcrumb\",\"itemListElement\":[{\"@type\":\"ListItem\",\"position\":1,\"item\":{\"@type\":\"WebPage\",\"@id\":\"\/pt\/economic-calendar\/\",\"url\":\"\/pt\/economic-calendar\/\",\"name\":\"Calend\\u00e1rio econ\\u00f3mico\"}}]}]}<\/script>\n<!-- \/ Yoast SEO plugin. -->","_links":{"self":[{"href":"https:\/\/www.wrpro.com\/pt\/wp-json\/wp\/v2\/pages\/67471"}],"collection":[{"href":"https:\/\/www.wrpro.com\/pt\/wp-json\/wp\/v2\/pages"}],"about":[{"href":"https:\/\/www.wrpro.com\/pt\/wp-json\/wp\/v2\/types\/page"}],"author":[{"embeddable":true,"href":"https:\/\/www.wrpro.com\/pt\/wp-json\/wp\/v2\/users\/41"}],"replies":[{"embeddable":true,"href":"https:\/\/www.wrpro.com\/pt\/wp-json\/wp\/v2\/comments?post=67471"}],"version-history":[{"count":1,"href":"https:\/\/www.wrpro.com\/pt\/wp-json\/wp\/v2\/pages\/67471\/revisions"}],"predecessor-version":[{"id":69835,"href":"https:\/\/www.wrpro.com\/pt\/wp-json\/wp\/v2\/pages\/67471\/revisions\/69835"}],"wp:attachment":[{"href":"https:\/\/www.wrpro.com\/pt\/wp-json\/wp\/v2\/media?parent=67471"}],"curies":[{"name":"wp","href":"https:\/\/api.w.org\/{rel}","templated":true}]}}